{"id":11,"date":"2014-02-04T14:40:35","date_gmt":"2014-02-04T13:40:35","guid":{"rendered":"http:\/\/www.karate-budo-bergerac.fr\/?page_id=11"},"modified":"2025-10-07T15:53:34","modified_gmt":"2025-10-07T13:53:34","slug":"horaires-des-cours","status":"publish","type":"page","link":"https:\/\/www.karate-budo-bergerac.fr\/?page_id=11","title":{"rendered":"Horaires"},"content":{"rendered":"<ul>\n<li><strong>\u00a0lundi 18h \u00e0 19h<\/strong> :\u00a0 cours ceintures noires\/marrons<\/li>\n<li><strong>mercredi de 14h \u00e0 15h<\/strong> : cours enfants d\u00e9butants (de 6 \u00e0 12 ans)<\/li>\n<li><strong>mercredi de 15h \u00e0 16h<\/strong> : cours enfants grad\u00e9s<\/li>\n<li><strong>jeudi de 19h30 \u00e0 21h<\/strong> : cours adultes\/ados<\/li>\n<li><strong>samedi de 14h \u00e0 15h<\/strong> : cours enfants grad\u00e9s<\/li>\n<li><strong>\u00a0samedi de 15h \u00e0 16h30<\/strong> : cours Adultes\/Ados<\/li>\n<\/ul>\n<h3>Les entraineurs sont :<\/h3>\n<ul>\n<li>Mr William TEULET\u00a0 &#8211; 6\u00e8me Dan (C.Q.P)* T\u00e9l : 06.14.67.46.38 (ados\/adultes)<\/li>\n<li>Mr Luc CIRON &#8211; 5\u00e8me Dan (BEES)<\/li>\n<li>Mr Gilles LABAYE &#8211; 3\u00e8me Dan (D.A.F)*, (ados\/adultes)<\/li>\n<li>Mr Philippe DURRIEUX &#8211; 5\u00e8me Dan (D.I.F)* (ados\/adultes)<\/li>\n<li>Mr Christian LESPINASSE &#8211; 4\u00e8me Dan (D.I.F) T\u00e9l :06 81 44 55 68 (enfants d\u00e9butants et enfants grad\u00e9s)<\/li>\n<li>Mr William AUCHIER &#8211; 4\u00e8me Dan (D.I.F) (enfants grad\u00e9s)<\/li>\n<li>Mme Isabelle VINCENT &#8211; 4\u00e8me Dan (D.I.F)\u00a0(enfants d\u00e9butants et enfants grad\u00e9s)<\/li>\n<\/ul>\n<p>-o-o-o-o-o-o-<\/p>\n<ul>\n<li>*BEES (Brevet d&rsquo;\u00e9tat)<\/li>\n<li>*C.Q.P (Certificat Qualification Professionnelle)<\/li>\n<li>*DIF (Instructeur F\u00e9d\u00e9ral)<\/li>\n<li>*DAF (Animateur F\u00e9d\u00e9ral)<\/li>\n<\/ul>\n<p><a href=\"http:\/\/www.karate-budo-bergerac.fr\/\"> Retour \u00e0 la page d&rsquo;accueil <\/a><\/p>\n<div style=\"padding-bottom:20px; padding-top:10px;\" class=\"hupso-share-buttons\"><!-- Hupso Share Buttons - https:\/\/www.hupso.com\/share\/ --><a class=\"hupso_toolbar\" href=\"https:\/\/www.hupso.com\/share\/\"><img decoding=\"async\" src=\"https:\/\/static.hupso.com\/share\/buttons\/lang\/fr\/share.png\" style=\"border:0px; padding-top: 5px; float:left;\" alt=\"Share Button\"\/><\/a><script type=\"text\/javascript\">var hupso_services_t=new Array();var hupso_background_t=\"#EAF4FF\";var hupso_border_t=\"#66CCFF\";var hupso_toolbar_size_t=\"big\";var hupso_image_folder_url = \"\";var hupso_url_t=\"\";var hupso_title_t=\"Horaires\";<\/script><script type=\"text\/javascript\" src=\"https:\/\/static.hupso.com\/share\/js\/share_toolbar.js\"><\/script><!-- Hupso Share Buttons --><\/div>","protected":false},"excerpt":{"rendered":"<p>\u00a0lundi 18h \u00e0 19h :\u00a0 cours ceintures noires\/marrons mercredi de 14h \u00e0 15h : cours enfants d\u00e9butants (de 6 \u00e0 12 ans) mercredi de 15h \u00e0 16h : cours enfants grad\u00e9s jeudi de 19h30 \u00e0 21h : cours adultes\/ados samedi de 14h \u00e0 15h : cours enfants grad\u00e9s \u00a0samedi de 15h \u00e0 16h30 : cours &hellip; <a href=\"https:\/\/www.karate-budo-bergerac.fr\/?page_id=11\" class=\"more-link\">Continuer la lecture de <span class=\"screen-reader-text\">Horaires<\/span>  <span class=\"meta-nav\">&rarr;<\/span><\/a><\/p>\n<div style=\"padding-bottom:20px; padding-top:10px;\" class=\"hupso-share-buttons\"><!-- Hupso Share Buttons - https:\/\/www.hupso.com\/share\/ --><a class=\"hupso_toolbar\" href=\"https:\/\/www.hupso.com\/share\/\"><img src=\"https:\/\/static.hupso.com\/share\/buttons\/lang\/fr\/share.png\" style=\"border:0px; padding-top: 5px; float:left;\" alt=\"Share Button\"\/><\/a><script type=\"text\/javascript\">var hupso_services_t=new Array();var hupso_background_t=\"#EAF4FF\";var hupso_border_t=\"#66CCFF\";var hupso_toolbar_size_t=\"big\";var hupso_image_folder_url = \"\";var hupso_url_t=\"\";var hupso_title_t=\"Horaires\";<\/script><script type=\"text\/javascript\" src=\"https:\/\/static.hupso.com\/share\/js\/share_toolbar.js\"><\/script><!-- Hupso Share Buttons --><\/div>","protected":false},"author":1,"featured_media":0,"parent":0,"menu_order":0,"comment_status":"closed","ping_status":"open","template":"","meta":{"footnotes":""},"class_list":["post-11","page","type-page","status-publish","hentry"],"_links":{"self":[{"href":"https:\/\/www.karate-budo-bergerac.fr\/index.php?rest_route=\/wp\/v2\/pages\/11","targetHints":{"allow":["GET"]}}],"collection":[{"href":"https:\/\/www.karate-budo-bergerac.fr\/index.php?rest_route=\/wp\/v2\/pages"}],"about":[{"href":"https:\/\/www.karate-budo-bergerac.fr\/index.php?rest_route=\/wp\/v2\/types\/page"}],"author":[{"embeddable":true,"href":"https:\/\/www.karate-budo-bergerac.fr\/index.php?rest_route=\/wp\/v2\/users\/1"}],"replies":[{"embeddable":true,"href":"https:\/\/www.karate-budo-bergerac.fr\/index.php?rest_route=%2Fwp%2Fv2%2Fcomments&post=11"}],"version-history":[{"count":29,"href":"https:\/\/www.karate-budo-bergerac.fr\/index.php?rest_route=\/wp\/v2\/pages\/11\/revisions"}],"predecessor-version":[{"id":444,"href":"https:\/\/www.karate-budo-bergerac.fr\/index.php?rest_route=\/wp\/v2\/pages\/11\/revisions\/444"}],"wp:attachment":[{"href":"https:\/\/www.karate-budo-bergerac.fr\/index.php?rest_route=%2Fwp%2Fv2%2Fmedia&parent=11"}],"curies":[{"name":"wp","href":"https:\/\/api.w.org\/{rel}","templated":true}]}}